{"id":214,"date":"2018-04-18T17:18:05","date_gmt":"2018-04-18T15:18:05","guid":{"rendered":"http:\/\/lesmedievales.bayeux.fr\/mentions-legales\/"},"modified":"2018-06-07T13:49:07","modified_gmt":"2018-06-07T11:49:07","slug":"legal-notice","status":"publish","type":"page","link":"https:\/\/lesmedievales.bayeux.fr\/en\/legal-notice\/","title":{"rendered":"Legal Notice"},"content":{"rendered":"<p><span class=\"titre-content\" style=\"font-weight: bold; color: #666666; font-size: 18px;\">Publication<\/span><br \/>\nBayeux.fr, site officiel de la Ville de Bayeux, est r\u00e9alis\u00e9 par la direction de la communication en collaboration avec le service informatique et tous les services municipaux.<br \/>\nResponsable de publication : Patrick GOMONT \u2013 Maire de BAYEUX<br \/>\nH\u00e9bergeur du site : OVH, 2 rue Kellermann &#8211; 59100 Roubaix &#8211; France<br \/>\nLa Ville de Bayeux est \u00e0 votre disposition, utilisez le formulaire de contact pour tous vos commentaires ou suggestions.<br \/>\nAdresse : Mairie de BAYEUX &#8211; 19 Rue Laiti\u00e8re \u2013 14400 BAYEUX<br \/>\nT\u00e9l\u00e9phone : <a href=\"http:\/\/02 31 51 60 60\">02 31 51 60 60<\/a><\/p>\n<p>&nbsp;<\/p>\n<p><span class=\"titre-content\" style=\"font-weight: bold; color: #666666; font-size: 18px;\">Informations<\/span><br \/>\nLe site de la Ville de Bayeux est mis \u00e0 jour quotidiennement. Les contenus peuvent y \u00eatre enrichis, modifi\u00e9s ou supprim\u00e9s, en tout temps et sans pr\u00e9avis. Si vous constatez des probl\u00e8mes techniques, des informations inexactes, incompl\u00e8tes ou des omissions, n\u2019h\u00e9sitez pas \u00e0 nous le(s) signaler via le formulaire contact du site.<br \/>\nLa Ville de Bayeux se r\u00e9serve le droit de r\u00e9viser, supprimer, modifier, valider ou changer, int\u00e9gralement ou en partie, tout contenu envoy\u00e9 \u00e0 notre site Internet ou affich\u00e9 sur celui-ci.<br \/>\nLa Ville de Bayeux d\u00e9cline toute responsabilit\u00e9 quant aux contenus des sites r\u00e9f\u00e9renc\u00e9s sur <a href=\"http:\/\/bayeux.fr\">bayeux.fr<\/a>.<\/p>\n<p>&nbsp;<\/p>\n<p><span class=\"titre-content\" style=\"font-weight: bold; color: #666666; font-size: 18px;\">Droits d\u2019auteurs, droits \u00e0 l\u2019image<\/span><br \/>\nLe site bayeux.fr est une propri\u00e9t\u00e9 de la Ville de Bayeux.<br \/>\nLes photographies, textes, slogans, dessins, images, s\u00e9quences anim\u00e9es sonores ou non, logos, ic\u00f4nes et puces graphiques dans ce site sont la propri\u00e9t\u00e9 de la \u00ab\u00a0 Mairie de Bayeux \u00ab\u00a0 ou de tiers ayant autoris\u00e9 la Ville de Bayeux \u00e0 les utiliser.<\/p>\n<p>&nbsp;<\/p>\n<p><span class=\"titre-content\" style=\"font-weight: bold; color: #666666; font-size: 18px;\">Les cookies<\/span><br \/>\nQu\u2019est-ce qu\u2019un cookie ?<br \/>\nLes cookies sont des fichiers stock\u00e9s sur votre ordinateur par les sites web que vous visitez et contiennent des informations telles que vos pr\u00e9f\u00e9rences de navigation ou votre statut de connexion.<br \/>\nVous pouvez faire le choix \u00e0 tout moment d\u2019exprimer et de modifier vos souhaits en mati\u00e8re de cookies, par les moyens d\u00e9crits ci-dessous.<\/p>\n","protected":false},"excerpt":{"rendered":"<p>Publication Bayeux.fr, site officiel de la Ville de Bayeux, est r\u00e9alis\u00e9 par la direction de la communication en collaboration avec le service informatique et tous les services municipaux. Responsable de publication : Patrick GOMONT \u2013 Maire de BAYEUX H\u00e9bergeur du site : OVH, 2 rue Kellermann &#8211; 59100 Roubaix &#8211; France La Ville de Bayeux [&hellip;]<\/p>\n","protected":false},"author":4,"featured_media":0,"parent":0,"menu_order":0,"comment_status":"closed","ping_status":"closed","template":"","meta":{"_et_pb_use_builder":"on","_et_pb_old_content":"","_et_gb_content_width":"","footnotes":""},"class_list":["post-214","page","type-page","status-publish","hentry"],"_links":{"self":[{"href":"https:\/\/lesmedievales.bayeux.fr\/en\/wp-json\/wp\/v2\/pages\/214","targetHints":{"allow":["GET"]}}],"collection":[{"href":"https:\/\/lesmedievales.bayeux.fr\/en\/wp-json\/wp\/v2\/pages"}],"about":[{"href":"https:\/\/lesmedievales.bayeux.fr\/en\/wp-json\/wp\/v2\/types\/page"}],"author":[{"embeddable":true,"href":"https:\/\/lesmedievales.bayeux.fr\/en\/wp-json\/wp\/v2\/users\/4"}],"replies":[{"embeddable":true,"href":"https:\/\/lesmedievales.bayeux.fr\/en\/wp-json\/wp\/v2\/comments?post=214"}],"version-history":[{"count":1,"href":"https:\/\/lesmedievales.bayeux.fr\/en\/wp-json\/wp\/v2\/pages\/214\/revisions"}],"predecessor-version":[{"id":523,"href":"https:\/\/lesmedievales.bayeux.fr\/en\/wp-json\/wp\/v2\/pages\/214\/revisions\/523"}],"wp:attachment":[{"href":"https:\/\/lesmedievales.bayeux.fr\/en\/wp-json\/wp\/v2\/media?parent=214"}],"curies":[{"name":"wp","href":"https:\/\/api.w.org\/{rel}","templated":true}]}}